{"id":25645,"date":"2026-03-09T15:42:14","date_gmt":"2026-03-09T14:42:14","guid":{"rendered":"https:\/\/cei.org.al\/?page_id=25645"},"modified":"2026-03-09T15:59:45","modified_gmt":"2026-03-09T14:59:45","slug":"rreth-nesh","status":"publish","type":"page","link":"https:\/\/cei.org.al\/?page_id=25645","title":{"rendered":"Rreth Nesh"},"content":{"rendered":"\t\t<div data-elementor-type=\"wp-page\" data-elementor-id=\"25645\" class=\"elementor elementor-25645\">\n\t\t\t\t\t\t<section class=\"elementor-section elementor-top-section elementor-element elementor-element-534c387f elementor-section-boxed elementor-section-height-default elementor-section-height-default\" data-id=\"534c387f\" data-element_type=\"section\" data-e-type=\"section\">\n\t\t\t\t\t\t<div class=\"elementor-container elementor-column-gap-default\">\n\t\t\t\t\t<div class=\"elementor-column elementor-col-100 elementor-top-column elementor-element elementor-element-7fcd711d\" data-id=\"7fcd711d\" data-element_type=\"column\" data-e-type=\"column\">\n\t\t\t<div class=\"elementor-widget-wrap elementor-element-populated\">\n\t\t\t\t\t\t<div class=\"elementor-element elementor-element-39e91a69 elementor-widget elementor-widget-text-editor\" data-id=\"39e91a69\" data-element_type=\"widget\" data-e-type=\"widget\" data-widget_type=\"text-editor.default\">\n\t\t\t\t<div class=\"elementor-widget-container\">\n\t\t\t\t\t\t\t\t\t\n<p><strong>Kush jemi ne?<\/strong><\/p>\n\n\n\n<p>Qendra p\u00ebr Barazi dhe P\u00ebrfshirje(CEI) \u00ebsht\u00eb nj\u00eb organizat\u00eb jofitimprur\u00ebse q\u00eb vepron n\u00eb fush\u00ebn e t\u00eb drejtave t\u00eb njeriut, barazis\u00eb, p\u00ebrfshirjes dhe mosdiskriminimit.<\/p>\n\n\n\n<p>CEI punon p\u00ebr fuqizimin e qytetar\u00ebve, me fokus t\u00eb ve\u00e7ant\u00eb tek grupet e margjinalizuara dhe grat\u00eb e vajzat nga k\u00ebto grupe, duke kontribuar n\u00eb rritjen e aksesit t\u00eb tyre n\u00eb institucionet publike dhe n\u00eb sistemin e drejt\u00ebsis\u00eb.<\/p>\n\n\n\n<p>Ne besojm\u00eb se barazia dhe t\u00eb drejtat e njeriut duhet t\u00eb jen\u00eb t\u00eb garantuara jo vet\u00ebm n\u00eb ligj, por edhe n\u00eb praktik\u00eb.<\/p>\n\n\n\n<p><strong>Misioni Yn\u00eb<\/strong><\/p>\n\n\n\n<p>Misioni i CEI \u00ebsht\u00eb t\u00eb mb\u00ebshtes\u00eb, edukoj\u00eb dhe fuqizoj\u00eb qytetar\u00ebt, ve\u00e7an\u00ebrisht grat\u00eb dhe vajzat nga grupet e margjinalizuara, p\u00ebrmes:<\/p>\n\n\n\n<ul class=\"wp-block-list\">\n<li>Edukimit dhe informimit ligjor mbi t\u00eb drejtat dhe mjetet juridike;<\/li>\n\n\n\n<li>Ofrimit t\u00eb ndihm\u00ebs juridike falas dhe mb\u00ebshtetjes p\u00ebr akses efektiv n\u00eb drejt\u00ebsi;<\/li>\n\n\n\n<li>Promovimit t\u00eb barazis\u00eb, barazis\u00eb gjinore dhe mosdiskriminimit;<\/li>\n\n\n\n<li>Parandalimit dhe luftimit t\u00eb dhun\u00ebs me baz\u00eb gjinore dhe dhun\u00ebs n\u00eb familje;<\/li>\n\n\n\n<li>Forcimit t\u00eb kapaciteteve t\u00eb profesionist\u00ebve dhe institucioneve publike;<\/li>\n\n\n\n<li>Advokimit p\u00ebr politika, legjislacion dhe buxhete p\u00ebrfshir\u00ebse dhe t\u00eb p\u00ebrgjegjshme gjinore;<\/li>\n\n\n\n<li>Monitorimit t\u00eb efektivitetit t\u00eb sistemit dhe g\u00ebzimit de facto t\u00eb t\u00eb drejtave;<\/li>\n\n\n\n<li>P\u00ebrdorimit t\u00eb teknologjis\u00eb si mjet p\u00ebr fuqizim dhe akses n\u00eb sh\u00ebrbime publike.<\/li>\n<\/ul>\n\n\n\n<p><strong>Vizioni<\/strong><\/p>\n\n\n\n<p>CEI synon nd\u00ebrtimin e nj\u00eb shoq\u00ebrie gjith\u00ebp\u00ebrfshir\u00ebse dhe t\u00eb barabart\u00eb, ku grupet e margjinalizuara g\u00ebzojn\u00eb realisht t\u00eb drejtat e tyre dhe ku \u00e7do individ, n\u00eb m\u00ebnyr\u00eb t\u00eb ve\u00e7ant\u00eb grat\u00eb dhe vajzat, ka mund\u00ebsi t\u00eb arrij\u00eb potencialin e plot\u00eb pa diskriminim.<\/p>\n\n\n\n<p><strong>Fushat e Veprimtaris\u00eb<\/strong><\/p>\n\n\n\n<p>CEI operon n\u00eb nj\u00eb gam\u00eb t\u00eb gjer\u00eb fushash q\u00eb lidhen me drejt\u00ebsin\u00eb sociale dhe zhvillimin e q\u00ebndruesh\u00ebm:<\/p>\n\n\n\n<ul class=\"wp-block-list\">\n<li>T\u00eb drejtat e njeriut dhe zbatimi i standardeve nd\u00ebrkomb\u00ebtare<\/li>\n\n\n\n<li>Barazia dhe barazia gjinore n\u00eb t\u00eb gjitha fushat<\/li>\n\n\n\n<li>Mosdiskriminimi dhe trajtimi i diskriminimit t\u00eb shum\u00ebfisht\u00eb<\/li>\n\n\n\n<li>Aksesi n\u00eb drejt\u00ebsi dhe ndihma juridike falas<\/li>\n\n\n\n<li>Parandalimi i dhun\u00ebs me baz\u00eb gjinore dhe dhun\u00ebs n\u00eb familje<\/li>\n\n\n\n<li>Pjes\u00ebmarrja n\u00eb politik\u00eb dhe n\u00eb proceset vendimmarr\u00ebse<\/li>\n\n\n\n<li>T\u00eb drejtat sociale dhe ekonomike (arsim, pun\u00ebsim, sh\u00ebndet)<\/li>\n\n\n\n<li>T\u00eb drejtat pron\u00ebsore dhe fuqizimi ekonomik i grave<\/li>\n\n\n\n<li>P\u00ebrfshirja sociale e komuniteteve t\u00eb margjinalizuara<\/li>\n\n\n\n<li>Mbrojtja e mjedisit, klima dhe energjia si pjes\u00eb e drejt\u00ebsis\u00eb sociale<\/li>\n\n\n\n<li>Luftimi i varf\u00ebris\u00eb dhe promovimi i zhvillimit t\u00eb q\u00ebndruesh\u00ebm<\/li>\n\n\n\n<li>Teknologjia si mjet p\u00ebr akses, transparenc\u00eb dhe fuqizim qytetar<\/li>\n<\/ul>\n\n\n\n<p><strong>Grupet n\u00eb Fokus<\/strong><\/p>\n\n\n\n<p>CEI punon drejtp\u00ebrdrejt me:<\/p>\n\n\n\n<ul class=\"wp-block-list\">\n<li>Grat\u00eb dhe vajzat q\u00eb p\u00ebrballen me dhun\u00eb me baz\u00eb gjinore dhe dhun\u00eb n\u00eb familje<\/li>\n\n\n\n<li>Grat\u00eb dhe vajzat nga komuniteti rom dhe egjiptian<\/li>\n\n\n\n<li>Personat me aft\u00ebsi t\u00eb kufizuara, ve\u00e7an\u00ebrisht grat\u00eb dhe vajzat<\/li>\n\n\n\n<li>Komunitetin LGBTIQA+<\/li>\n\n\n\n<li>Grat\u00eb dhe vajzat rurale<\/li>\n\n\n\n<li>N\u00ebnat e vetme dhe grat\u00eb e divorcuara<\/li>\n\n\n\n<li>Personat me probleme t\u00eb sh\u00ebndetit mendor<\/li>\n\n\n\n<li>Qytetar\u00ebt q\u00eb p\u00ebrballen me diskriminim gjinor ose diskriminim t\u00eb shum\u00ebfisht\u00eb<\/li>\n\n\n\n<li>Qytetar\u00ebt q\u00eb kan\u00eb nevoj\u00eb p\u00ebr akses efektiv n\u00eb drejt\u00ebsi<\/li>\n<\/ul>\n\n\n\n<p><strong>Qasja Jon\u00eb<\/strong><\/p>\n\n\n\n<p>CEI aplikon nj\u00eb qasje t\u00eb integruar q\u00eb kombinon fuqizimin individual, nd\u00ebrhyrjen komunitare dhe ndryshimin sistemik.<\/p>\n\n\n\n<p>Ne veprojm\u00eb p\u00ebrmes:<\/p>\n\n\n\n<p><strong>1. Fuqizimit dhe Edukimit<\/strong><\/p>\n\n\n\n<ul class=\"wp-block-list\">\n<li>Trajnimeve p\u00ebr qytetar\u00ebt, grat\u00eb dhe vajzat nga grupet e margjinalizuara<\/li>\n\n\n\n<li>Trajnimeve p\u00ebr profesionist\u00ebt e institucioneve publike n\u00eb nivel vendor dhe qendror<\/li>\n\n\n\n<li>Edukimit ligjor dhe rritjes s\u00eb nd\u00ebrgjegj\u00ebsimit mbi t\u00eb drejtat<\/li>\n<\/ul>\n\n\n\n<p><strong>2. Mbrojtjes dhe Mb\u00ebshtetjes Direkte<\/strong><\/p>\n\n\n\n<ul class=\"wp-block-list\">\n<li>Ndihm\u00ebs juridike falas<\/li>\n\n\n\n<li>K\u00ebshillimit dhe referimit t\u00eb rasteve<\/li>\n\n\n\n<li>Mb\u00ebshtetjes p\u00ebr akses n\u00eb sh\u00ebrbime publike dhe n\u00eb sistemin e drejt\u00ebsis\u00eb<\/li>\n<\/ul>\n\n\n\n<p><strong>3. Advokimit dhe Ndryshimit Politik<\/strong><\/p>\n\n\n\n<ul class=\"wp-block-list\">\n<li>Monitorimit t\u00eb zbatimit t\u00eb ligjeve dhe politikave<\/li>\n\n\n\n<li>Nismave p\u00ebr p\u00ebrmir\u00ebsimin e legjislacionit<\/li>\n\n\n\n<li>Lobimit dhe advokimit n\u00eb nivel vendor dhe qendror<\/li>\n\n\n\n<li>Promovimit t\u00eb politikave dhe buxheteve t\u00eb p\u00ebrgjegjshme gjinore dhe p\u00ebrfshir\u00ebse<\/li>\n<\/ul>\n\n\n\n<p><strong>4. Evidenc\u00ebs dhe Rrjet\u00ebzimit<\/strong><\/p>\n\n\n\n<ul class=\"wp-block-list\">\n<li>Studimeve, analizave dhe publikimeve<\/li>\n\n\n\n<li>P\u00ebrgatitjes s\u00eb raporteve p\u00ebr mekanizma komb\u00ebtar\u00eb dhe nd\u00ebrkomb\u00ebtar\u00eb<\/li>\n\n\n\n<li>Rrjet\u00ebzimit me organizata partnere n\u00eb nivel komb\u00ebtar, rajonal dhe nd\u00ebrkomb\u00ebtar<\/li>\n<\/ul>\n\n\n\n<p><em>P\u00ebrmes k\u00ebtij kombinimi nd\u00ebrhyrjesh, CEI punon p\u00ebr t\u00eb siguruar q\u00eb barazia, p\u00ebrfshirja dhe respektimi i t\u00eb drejtave t\u00eb njeriut t\u00eb jen\u00eb realitet i preksh\u00ebm p\u00ebr \u00e7do qytetar.<\/em><\/p>\n\t\t\t\t\t\t\t\t<\/div>\n\t\t\t\t<\/div>\n\t\t\t\t\t<\/div>\n\t\t<\/div>\n\t\t\t\t\t<\/div>\n\t\t<\/section>\n\t\t\t\t<\/div>\n\t\t","protected":false},"excerpt":{"rendered":"<p>Kush jemi ne? Qendra p\u00ebr Barazi dhe P\u00ebrfshirje(CEI) \u00ebsht\u00eb nj\u00eb organizat\u00eb jofitimprur\u00ebse q\u00eb vepron n\u00eb fush\u00ebn e t\u00eb drejtave t\u00eb njeriut, barazis\u00eb, p\u00ebrfshirjes dhe mosdiskriminimit. CEI punon p\u00ebr fuqizimin e [&hellip;]<\/p>\n","protected":false},"author":1,"featured_media":0,"parent":0,"menu_order":0,"comment_status":"closed","ping_status":"closed","template":"","meta":{"footnotes":""},"class_list":["post-25645","page","type-page","status-publish","hentry","entry"],"yoast_head":"<!-- This site is optimized with the Yoast SEO plugin v27.3 - https:\/\/yoast.com\/product\/yoast-seo-wordpress\/ -->\n<title>Rreth Nesh - Center for Equality &amp; Inclusion | Q\u00ebndra p\u00ebr Barazi &amp; P\u00ebrfshirje<\/title>\n<meta name=\"robots\" content=\"noindex, follow, max-snippet:-1, max-image-preview:large, max-video-preview:-1\" \/>\n<meta property=\"og:locale\" content=\"en_US\" \/>\n<meta property=\"og:type\" content=\"article\" \/>\n<meta property=\"og:title\" content=\"Rreth Nesh - Center for Equality &amp; Inclusion | Q\u00ebndra p\u00ebr Barazi &amp; P\u00ebrfshirje\" \/>\n<meta property=\"og:description\" content=\"Kush jemi ne? Qendra p\u00ebr Barazi dhe P\u00ebrfshirje(CEI) \u00ebsht\u00eb nj\u00eb organizat\u00eb jofitimprur\u00ebse q\u00eb vepron n\u00eb fush\u00ebn e t\u00eb drejtave t\u00eb njeriut, barazis\u00eb, p\u00ebrfshirjes dhe mosdiskriminimit. CEI punon p\u00ebr fuqizimin e [&hellip;]\" \/>\n<meta property=\"og:url\" content=\"https:\/\/cei.org.al\/?page_id=25645\" \/>\n<meta property=\"og:site_name\" content=\"Center for Equality &amp; Inclusion | Q\u00ebndra p\u00ebr Barazi &amp; P\u00ebrfshirje\" \/>\n<meta property=\"article:modified_time\" content=\"2026-03-09T14:59:45+00:00\" \/>\n<meta name=\"twitter:card\" content=\"summary_large_image\" \/>\n<meta name=\"twitter:label1\" content=\"Est. reading time\" \/>\n\t<meta name=\"twitter:data1\" content=\"3 minutes\" \/>\n<script type=\"application\/ld+json\" class=\"yoast-schema-graph\">{\"@context\":\"https:\\\/\\\/schema.org\",\"@graph\":[{\"@type\":\"WebPage\",\"@id\":\"https:\\\/\\\/cei.org.al\\\/?page_id=25645\",\"url\":\"https:\\\/\\\/cei.org.al\\\/?page_id=25645\",\"name\":\"Rreth Nesh - Center for Equality &amp; Inclusion | Q\u00ebndra p\u00ebr Barazi &amp; P\u00ebrfshirje\",\"isPartOf\":{\"@id\":\"https:\\\/\\\/cei.org.al\\\/#website\"},\"datePublished\":\"2026-03-09T14:42:14+00:00\",\"dateModified\":\"2026-03-09T14:59:45+00:00\",\"breadcrumb\":{\"@id\":\"https:\\\/\\\/cei.org.al\\\/?page_id=25645#breadcrumb\"},\"inLanguage\":\"en-US\",\"potentialAction\":[{\"@type\":\"ReadAction\",\"target\":[\"https:\\\/\\\/cei.org.al\\\/?page_id=25645\"]}]},{\"@type\":\"BreadcrumbList\",\"@id\":\"https:\\\/\\\/cei.org.al\\\/?page_id=25645#breadcrumb\",\"itemListElement\":[{\"@type\":\"ListItem\",\"position\":1,\"name\":\"Home\"},{\"@type\":\"ListItem\",\"position\":2,\"name\":\"Rreth Nesh\"}]},{\"@type\":\"WebSite\",\"@id\":\"https:\\\/\\\/cei.org.al\\\/#website\",\"url\":\"https:\\\/\\\/cei.org.al\\\/\",\"name\":\"Center for Equality &amp; Inclusion | Q\u00ebndra p\u00ebr Barazi &amp; P\u00ebrfshirje\",\"description\":\"NGO\",\"publisher\":{\"@id\":\"https:\\\/\\\/cei.org.al\\\/#organization\"},\"potentialAction\":[{\"@type\":\"SearchAction\",\"target\":{\"@type\":\"EntryPoint\",\"urlTemplate\":\"https:\\\/\\\/cei.org.al\\\/?s={search_term_string}\"},\"query-input\":{\"@type\":\"PropertyValueSpecification\",\"valueRequired\":true,\"valueName\":\"search_term_string\"}}],\"inLanguage\":\"en-US\"},{\"@type\":\"Organization\",\"@id\":\"https:\\\/\\\/cei.org.al\\\/#organization\",\"name\":\"Center for Equality &amp; Inclusion | Q\u00ebndra p\u00ebr Barazi &amp; P\u00ebrfshirje\",\"url\":\"https:\\\/\\\/cei.org.al\\\/\",\"logo\":{\"@type\":\"ImageObject\",\"inLanguage\":\"en-US\",\"@id\":\"https:\\\/\\\/cei.org.al\\\/#\\\/schema\\\/logo\\\/image\\\/\",\"url\":\"https:\\\/\\\/cei.org.al\\\/wp-content\\\/uploads\\\/2026\\\/03\\\/cropped-cropped-IMG_9163.png\",\"contentUrl\":\"https:\\\/\\\/cei.org.al\\\/wp-content\\\/uploads\\\/2026\\\/03\\\/cropped-cropped-IMG_9163.png\",\"width\":1543,\"height\":472,\"caption\":\"Center for Equality &amp; Inclusion | Q\u00ebndra p\u00ebr Barazi &amp; P\u00ebrfshirje\"},\"image\":{\"@id\":\"https:\\\/\\\/cei.org.al\\\/#\\\/schema\\\/logo\\\/image\\\/\"}}]}<\/script>\n<!-- \/ Yoast SEO plugin. -->","yoast_head_json":{"title":"Rreth Nesh - Center for Equality &amp; Inclusion | Q\u00ebndra p\u00ebr Barazi &amp; P\u00ebrfshirje","robots":{"index":"noindex","follow":"follow","max-snippet":"max-snippet:-1","max-image-preview":"max-image-preview:large","max-video-preview":"max-video-preview:-1"},"og_locale":"en_US","og_type":"article","og_title":"Rreth Nesh - Center for Equality &amp; Inclusion | Q\u00ebndra p\u00ebr Barazi &amp; P\u00ebrfshirje","og_description":"Kush jemi ne? Qendra p\u00ebr Barazi dhe P\u00ebrfshirje(CEI) \u00ebsht\u00eb nj\u00eb organizat\u00eb jofitimprur\u00ebse q\u00eb vepron n\u00eb fush\u00ebn e t\u00eb drejtave t\u00eb njeriut, barazis\u00eb, p\u00ebrfshirjes dhe mosdiskriminimit. CEI punon p\u00ebr fuqizimin e [&hellip;]","og_url":"https:\/\/cei.org.al\/?page_id=25645","og_site_name":"Center for Equality &amp; Inclusion | Q\u00ebndra p\u00ebr Barazi &amp; P\u00ebrfshirje","article_modified_time":"2026-03-09T14:59:45+00:00","twitter_card":"summary_large_image","twitter_misc":{"Est. reading time":"3 minutes"},"schema":{"@context":"https:\/\/schema.org","@graph":[{"@type":"WebPage","@id":"https:\/\/cei.org.al\/?page_id=25645","url":"https:\/\/cei.org.al\/?page_id=25645","name":"Rreth Nesh - Center for Equality &amp; Inclusion | Q\u00ebndra p\u00ebr Barazi &amp; P\u00ebrfshirje","isPartOf":{"@id":"https:\/\/cei.org.al\/#website"},"datePublished":"2026-03-09T14:42:14+00:00","dateModified":"2026-03-09T14:59:45+00:00","breadcrumb":{"@id":"https:\/\/cei.org.al\/?page_id=25645#breadcrumb"},"inLanguage":"en-US","potentialAction":[{"@type":"ReadAction","target":["https:\/\/cei.org.al\/?page_id=25645"]}]},{"@type":"BreadcrumbList","@id":"https:\/\/cei.org.al\/?page_id=25645#breadcrumb","itemListElement":[{"@type":"ListItem","position":1,"name":"Home"},{"@type":"ListItem","position":2,"name":"Rreth Nesh"}]},{"@type":"WebSite","@id":"https:\/\/cei.org.al\/#website","url":"https:\/\/cei.org.al\/","name":"Center for Equality &amp; Inclusion | Q\u00ebndra p\u00ebr Barazi &amp; P\u00ebrfshirje","description":"NGO","publisher":{"@id":"https:\/\/cei.org.al\/#organization"},"potentialAction":[{"@type":"SearchAction","target":{"@type":"EntryPoint","urlTemplate":"https:\/\/cei.org.al\/?s={search_term_string}"},"query-input":{"@type":"PropertyValueSpecification","valueRequired":true,"valueName":"search_term_string"}}],"inLanguage":"en-US"},{"@type":"Organization","@id":"https:\/\/cei.org.al\/#organization","name":"Center for Equality &amp; Inclusion | Q\u00ebndra p\u00ebr Barazi &amp; P\u00ebrfshirje","url":"https:\/\/cei.org.al\/","logo":{"@type":"ImageObject","inLanguage":"en-US","@id":"https:\/\/cei.org.al\/#\/schema\/logo\/image\/","url":"https:\/\/cei.org.al\/wp-content\/uploads\/2026\/03\/cropped-cropped-IMG_9163.png","contentUrl":"https:\/\/cei.org.al\/wp-content\/uploads\/2026\/03\/cropped-cropped-IMG_9163.png","width":1543,"height":472,"caption":"Center for Equality &amp; Inclusion | Q\u00ebndra p\u00ebr Barazi &amp; P\u00ebrfshirje"},"image":{"@id":"https:\/\/cei.org.al\/#\/schema\/logo\/image\/"}}]}},"_links":{"self":[{"href":"https:\/\/cei.org.al\/index.php?rest_route=\/wp\/v2\/pages\/25645","targetHints":{"allow":["GET"]}}],"collection":[{"href":"https:\/\/cei.org.al\/index.php?rest_route=\/wp\/v2\/pages"}],"about":[{"href":"https:\/\/cei.org.al\/index.php?rest_route=\/wp\/v2\/types\/page"}],"author":[{"embeddable":true,"href":"https:\/\/cei.org.al\/index.php?rest_route=\/wp\/v2\/users\/1"}],"replies":[{"embeddable":true,"href":"https:\/\/cei.org.al\/index.php?rest_route=%2Fwp%2Fv2%2Fcomments&post=25645"}],"version-history":[{"count":4,"href":"https:\/\/cei.org.al\/index.php?rest_route=\/wp\/v2\/pages\/25645\/revisions"}],"predecessor-version":[{"id":25654,"href":"https:\/\/cei.org.al\/index.php?rest_route=\/wp\/v2\/pages\/25645\/revisions\/25654"}],"wp:attachment":[{"href":"https:\/\/cei.org.al\/index.php?rest_route=%2Fwp%2Fv2%2Fmedia&parent=25645"}],"curies":[{"name":"wp","href":"https:\/\/api.w.org\/{rel}","templated":true}]}}